{"id":111,"date":"2017-03-10T14:49:43","date_gmt":"2017-03-10T13:49:43","guid":{"rendered":"http:\/\/www.tatwortimnetz.de\/Hoerspiel\/?page_id=111"},"modified":"2024-04-24T11:03:04","modified_gmt":"2024-04-24T09:03:04","slug":"hoerspielgang","status":"publish","type":"page","link":"http:\/\/www.tatwortimnetz.de\/Hoerspiel\/hoerspielgang\/","title":{"rendered":"H\u00f6rspiel Gang &#8211; Die Organisator*innen"},"content":{"rendered":"\n<div class=\"wp-block-columns is-layout-flex wp-container-core-columns-is-layout-9d6595d7 wp-block-columns-is-layout-flex\">\n<div class=\"wp-block-column is-layout-flow wp-block-column-is-layout-flow\" style=\"flex-basis:66.66%\">\n<h2 class=\"wp-block-heading\">Filmwerkstatt M\u00fcnster <\/h2>\n\n\n\n<p>Die <a href=\"http:\/\/www.filmwerkstatt-muenster.org\/\">Filmwerkstatt M\u00fcnster<\/a> ist als Anlaufstelle f\u00fcr Film und Medienkunst seit \u00fcber 35 Jahren in der Region verankert. Sie bildet aus, produziert und pr\u00e4sentiert. In einem breit gef\u00e4cherten Seminarangebot k\u00f6nnen sich interessierte Menschen \u00fcber alle Bereiche der audiovisuellen Produktion informieren und aus- und weiterbilden. Neben dem \u201eFilmfestival M\u00fcnster\u201c, dem \u201eZEBRA Poetry Film Festival M\u00fcnster | Berlin\u201c, den \u201eRussischen Filmtagen\u201c beteiligt sich die Filmwerkstatt an einem regelm\u00e4\u00dfigen Kinoprogramm in Deutschland \u00e4ltesten Filmclub. Im Produktionsbereich stellt die FW Hardware, Software, Personal und Kompetenzen zur Produktion von audiovisuellen Medien zur Verf\u00fcgung. Die Filmwerkstatt M\u00fcnster ist ein eingetragener Verein und als gemeinn\u00fctzig anerkannt. Sie wird mit Mitteln der Stadt M\u00fcnster und des Landes Nordrhein-Westfalen gef\u00f6rdert. Gerade f\u00fcr die Filmwerkstatt ist es ein Anliegen, dass das Verst\u00e4ndnis daf\u00fcr gest\u00e4rkt wird, dass die Audioebene in der Filmproduktion \u00e4hnlich der Audioebene im H\u00f6rspiel ist. Der Grundaufbau ist identisch. Es wird ebenfalls zwischen den folgenden Elementen unterschieden: Sprache, Musik, Effekte und Atmo. Nur kommt im Film eine weitere Gestaltungs- und Ausdruckseben dazu das bewegte Bild. Wodurch ein Zusammenspiel durch mehrere Elemente m\u00f6glich wird. Dies macht f\u00fcr den Filmwerkstatt den Reiz aus sich an einer H\u00f6rspielprodukion   zu beteiligen.<\/p>\n<\/div>\n\n\n\n<div class=\"wp-block-column is-layout-flow wp-block-column-is-layout-flow\" style=\"flex-basis:33.33%\">\n<figure class=\"wp-block-image size-large\"><img loading=\"lazy\" decoding=\"async\" width=\"1024\" height=\"607\" src=\"http:\/\/www.tatwortimnetz.de\/Hoerspiel\/wp-content\/uploads\/2019\/11\/Logo-Filmwerkstatt-1024x607.png\" alt=\"\" class=\"wp-image-247\" srcset=\"http:\/\/www.tatwortimnetz.de\/Hoerspiel\/wp-content\/uploads\/2019\/11\/Logo-Filmwerkstatt-1024x607.png 1024w, http:\/\/www.tatwortimnetz.de\/Hoerspiel\/wp-content\/uploads\/2019\/11\/Logo-Filmwerkstatt-300x178.png 300w, http:\/\/www.tatwortimnetz.de\/Hoerspiel\/wp-content\/uploads\/2019\/11\/Logo-Filmwerkstatt-768x456.png 768w, http:\/\/www.tatwortimnetz.de\/Hoerspiel\/wp-content\/uploads\/2019\/11\/Logo-Filmwerkstatt-1536x911.png 1536w, http:\/\/www.tatwortimnetz.de\/Hoerspiel\/wp-content\/uploads\/2019\/11\/Logo-Filmwerkstatt.png 1772w\" sizes=\"auto, (max-width: 706px) 89vw, (max-width: 767px) 82vw, 740px\" \/><\/figure>\n\n\n\n<figure class=\"wp-block-image size-large\"><img loading=\"lazy\" decoding=\"async\" width=\"1024\" height=\"1024\" src=\"http:\/\/www.tatwortimnetz.de\/Hoerspiel\/wp-content\/uploads\/2019\/11\/f\u00fcr-Website-SteffiK\u00f6hler-Monecke-sw-1024x1024.jpg\" alt=\"\" class=\"wp-image-259\" srcset=\"http:\/\/www.tatwortimnetz.de\/Hoerspiel\/wp-content\/uploads\/2019\/11\/f\u00fcr-Website-SteffiK\u00f6hler-Monecke-sw-1024x1024.jpg 1024w, http:\/\/www.tatwortimnetz.de\/Hoerspiel\/wp-content\/uploads\/2019\/11\/f\u00fcr-Website-SteffiK\u00f6hler-Monecke-sw-300x300.jpg 300w, http:\/\/www.tatwortimnetz.de\/Hoerspiel\/wp-content\/uploads\/2019\/11\/f\u00fcr-Website-SteffiK\u00f6hler-Monecke-sw-150x150.jpg 150w, http:\/\/www.tatwortimnetz.de\/Hoerspiel\/wp-content\/uploads\/2019\/11\/f\u00fcr-Website-SteffiK\u00f6hler-Monecke-sw-768x768.jpg 768w, http:\/\/www.tatwortimnetz.de\/Hoerspiel\/wp-content\/uploads\/2019\/11\/f\u00fcr-Website-SteffiK\u00f6hler-Monecke-sw-100x100.jpg 100w, http:\/\/www.tatwortimnetz.de\/Hoerspiel\/wp-content\/uploads\/2019\/11\/f\u00fcr-Website-SteffiK\u00f6hler-Monecke-sw.jpg 1280w\" sizes=\"auto, (max-width: 706px) 89vw, (max-width: 767px) 82vw, 740px\" \/><figcaption class=\"wp-element-caption\">F\u00fcr die Filmwerkstatt beim H\u00f6rSpielLab: Steffi K\u00f6hler <\/figcaption><\/figure>\n<\/div>\n<\/div>\n\n\n\n<div class=\"wp-block-columns is-layout-flex wp-container-core-columns-is-layout-9d6595d7 wp-block-columns-is-layout-flex\">\n<div class=\"wp-block-column is-layout-flow wp-block-column-is-layout-flow\" style=\"flex-basis:33.33%\">\n<figure class=\"wp-block-image size-large\"><img loading=\"lazy\" decoding=\"async\" width=\"1024\" height=\"492\" src=\"http:\/\/www.tatwortimnetz.de\/Hoerspiel\/wp-content\/uploads\/2019\/11\/Logo-Cuba-Cultur-1024x492.png\" alt=\"\" class=\"wp-image-248\" srcset=\"http:\/\/www.tatwortimnetz.de\/Hoerspiel\/wp-content\/uploads\/2019\/11\/Logo-Cuba-Cultur-1024x492.png 1024w, http:\/\/www.tatwortimnetz.de\/Hoerspiel\/wp-content\/uploads\/2019\/11\/Logo-Cuba-Cultur-300x144.png 300w, http:\/\/www.tatwortimnetz.de\/Hoerspiel\/wp-content\/uploads\/2019\/11\/Logo-Cuba-Cultur-768x369.png 768w, http:\/\/www.tatwortimnetz.de\/Hoerspiel\/wp-content\/uploads\/2019\/11\/Logo-Cuba-Cultur.png 1209w\" sizes=\"auto, (max-width: 706px) 89vw, (max-width: 767px) 82vw, 740px\" \/><\/figure>\n\n\n\n<figure class=\"wp-block-image size-large\"><img loading=\"lazy\" decoding=\"async\" width=\"591\" height=\"591\" src=\"http:\/\/www.tatwortimnetz.de\/Hoerspiel\/wp-content\/uploads\/2020\/01\/weber-presse-gro\u00df.jpg\" alt=\"\" class=\"wp-image-304\" srcset=\"http:\/\/www.tatwortimnetz.de\/Hoerspiel\/wp-content\/uploads\/2020\/01\/weber-presse-gro\u00df.jpg 591w, http:\/\/www.tatwortimnetz.de\/Hoerspiel\/wp-content\/uploads\/2020\/01\/weber-presse-gro\u00df-300x300.jpg 300w, http:\/\/www.tatwortimnetz.de\/Hoerspiel\/wp-content\/uploads\/2020\/01\/weber-presse-gro\u00df-150x150.jpg 150w, http:\/\/www.tatwortimnetz.de\/Hoerspiel\/wp-content\/uploads\/2020\/01\/weber-presse-gro\u00df-100x100.jpg 100w\" sizes=\"auto, (max-width: 591px) 100vw, 591px\" \/><figcaption class=\"wp-element-caption\">F\u00fcr das cuba-cutur beim H\u00f6rSpielLab: Andreas Weber<\/figcaption><\/figure>\n<\/div>\n\n\n\n<div class=\"wp-block-column is-layout-flow wp-block-column-is-layout-flow\" style=\"flex-basis:66.66%\">\n<h2 class=\"wp-block-heading\">cuba-cultur (TatWort &#8211; Wortb\u00fchne)<\/h2>\n\n\n\n<p>2016 wurde das <a href=\"http:\/\/www.cuba-cultur.de\/index.php?id=49\">cuba <\/a>drei\u00dfig. Seit Beginn war die Grundidee von cuba-cultur regionale Kulturarbeit und internationaler Austausch, auch um damit der regionalen Kunst- und Musikszene neue Impulse zu geben. Ausgangspunkt waren musikalische Aktivit\u00e4ten zu Beginn der 1980er Jahre, zu denen Kunstformen wie Performance und Installation hinzu kamen. Ab Mitte 90er steht das cuba-cultur in NRW f\u00fcr Improvisierte und experimentelle Musik. Mit Schauraum-hbf wird seit 2009 j\u00e4hrlich das  Bahnhofsviertel als unmittelbarem Umfeld des cuba k\u00fcnstlerisch bespielt.Wesentliches Merkmal f\u00fcr das Programm war und ist Neugier und N\u00e4he von Produzent<em>innen, K\u00fcnstler<\/em>innen und Publikum. Unser Programm umfasst Improvisierte Musik, Neue Musik, Elektronische Musik und zeitgen\u00f6ssischen Jazz. Das Programm unseres Zentrums wurde st\u00e4ndig weiter entwickelt. So wurde mit der Performanceliteratur ein neuer Programmbereich etabliert, der sich dank seines hohen Niveaus eines gro\u00dfen Zuspruchs erfreut. Mit der Wortb\u00fchne im cuba hat sich seit 2005 eine Literaturb\u00fchne in M\u00fcnster etabliert, die vor allem ein studentisches Publikum anspricht. Angefangen mit dem Poetry Slam, \u00fcber Leseb\u00fchnen, Lesungen, Literaturperformance hat sich die Wortb\u00fchne des cubas zu einer wichtigen Gr\u00f6\u00dfe im M\u00fcnsteraner Kulturleben entwickelt.<\/p>\n<\/div>\n<\/div>\n\n\n\n<div class=\"wp-block-columns is-layout-flex wp-container-core-columns-is-layout-9d6595d7 wp-block-columns-is-layout-flex\">\n<div class=\"wp-block-column is-layout-flow wp-block-column-is-layout-flow\" style=\"flex-basis:66.66%\">\n<h2 class=\"wp-block-heading\"> Radio Q <\/h2>\n\n\n\n<p><a href=\"https:\/\/www.radioq.de\/\">Radio Q<\/a> ist das Campusradio f\u00fcr M\u00fcnster und Steinfurt.  Es versteht sich gleicherma\u00dfen als journalistisches Medium und als Ausbildungsradio. Als Campusradio berichtet Radio Q aus studentischer Perspektive \u00fcber die Hochschulen M\u00fcnsters und \u00fcber die Lebenswelt von Studierenden. Dabei wird gr\u00f6\u00dftm\u00f6gliche Professionalit\u00e4t angestrebt, ohne die kreative Gestaltungsfreiheit zu vernachl\u00e4ssigen. <br>Radio Q ist ein gemeinn\u00fctziger Sender und baut auf das ehrenamtliche Engagement<br> seiner Mitglieder*innen.<\/p>\n<\/div>\n\n\n\n<div class=\"wp-block-column is-layout-flow wp-block-column-is-layout-flow\" style=\"flex-basis:33.33%\">\n<figure class=\"wp-block-image size-large\"><img loading=\"lazy\" decoding=\"async\" width=\"1024\" height=\"492\" src=\"http:\/\/www.tatwortimnetz.de\/Hoerspiel\/wp-content\/uploads\/2019\/11\/Logo-Radio-Q.png\" alt=\"\" class=\"wp-image-250\" srcset=\"http:\/\/www.tatwortimnetz.de\/Hoerspiel\/wp-content\/uploads\/2019\/11\/Logo-Radio-Q.png 1024w, http:\/\/www.tatwortimnetz.de\/Hoerspiel\/wp-content\/uploads\/2019\/11\/Logo-Radio-Q-300x144.png 300w, http:\/\/www.tatwortimnetz.de\/Hoerspiel\/wp-content\/uploads\/2019\/11\/Logo-Radio-Q-768x369.png 768w\" sizes=\"auto, (max-width: 706px) 89vw, (max-width: 767px) 82vw, 740px\" \/><\/figure>\n\n\n\n<figure class=\"wp-block-image size-large is-resized\"><img loading=\"lazy\" decoding=\"async\" width=\"1024\" height=\"1024\" src=\"http:\/\/www.tatwortimnetz.de\/Hoerspiel\/wp-content\/uploads\/2019\/11\/f\u00fcr-Website-Paul-1024x1024.jpg\" alt=\"\" class=\"wp-image-261\" style=\"width:214px;height:auto\" srcset=\"http:\/\/www.tatwortimnetz.de\/Hoerspiel\/wp-content\/uploads\/2019\/11\/f\u00fcr-Website-Paul-1024x1024.jpg 1024w, http:\/\/www.tatwortimnetz.de\/Hoerspiel\/wp-content\/uploads\/2019\/11\/f\u00fcr-Website-Paul-300x300.jpg 300w, http:\/\/www.tatwortimnetz.de\/Hoerspiel\/wp-content\/uploads\/2019\/11\/f\u00fcr-Website-Paul-150x150.jpg 150w, http:\/\/www.tatwortimnetz.de\/Hoerspiel\/wp-content\/uploads\/2019\/11\/f\u00fcr-Website-Paul-768x768.jpg 768w, http:\/\/www.tatwortimnetz.de\/Hoerspiel\/wp-content\/uploads\/2019\/11\/f\u00fcr-Website-Paul-1536x1536.jpg 1536w, http:\/\/www.tatwortimnetz.de\/Hoerspiel\/wp-content\/uploads\/2019\/11\/f\u00fcr-Website-Paul-100x100.jpg 100w, http:\/\/www.tatwortimnetz.de\/Hoerspiel\/wp-content\/uploads\/2019\/11\/f\u00fcr-Website-Paul.jpg 1887w\" sizes=\"auto, (max-width: 706px) 89vw, (max-width: 767px) 82vw, 740px\" \/><\/figure>\n\n\n\n<p><em>F\u00fcr Radio Q beim H\u00f6rSpielLab: Paul Sattler<\/em> <\/p>\n<\/div>\n<\/div>\n\n\n\n<div class=\"wp-block-group\"><div class=\"wp-block-group__inner-container is-layout-flow wp-block-group-is-layout-flow\">\n<div class=\"wp-block-columns is-layout-flex wp-container-core-columns-is-layout-9d6595d7 wp-block-columns-is-layout-flex\">\n<div class=\"wp-block-column is-layout-flow wp-block-column-is-layout-flow\" style=\"flex-basis:33.33%\">\n<figure class=\"wp-block-image size-large\"><img loading=\"lazy\" decoding=\"async\" width=\"1024\" height=\"492\" src=\"http:\/\/www.tatwortimnetz.de\/Hoerspiel\/wp-content\/uploads\/2019\/11\/Logo-medienforum-m\u00fcnster-1024x492.png\" alt=\"\" class=\"wp-image-249\" srcset=\"http:\/\/www.tatwortimnetz.de\/Hoerspiel\/wp-content\/uploads\/2019\/11\/Logo-medienforum-m\u00fcnster-1024x492.png 1024w, http:\/\/www.tatwortimnetz.de\/Hoerspiel\/wp-content\/uploads\/2019\/11\/Logo-medienforum-m\u00fcnster-300x144.png 300w, http:\/\/www.tatwortimnetz.de\/Hoerspiel\/wp-content\/uploads\/2019\/11\/Logo-medienforum-m\u00fcnster-768x369.png 768w, http:\/\/www.tatwortimnetz.de\/Hoerspiel\/wp-content\/uploads\/2019\/11\/Logo-medienforum-m\u00fcnster-1536x738.png 1536w, http:\/\/www.tatwortimnetz.de\/Hoerspiel\/wp-content\/uploads\/2019\/11\/Logo-medienforum-m\u00fcnster-2048x984.png 2048w\" sizes=\"auto, (max-width: 706px) 89vw, (max-width: 767px) 82vw, 740px\" \/><\/figure>\n\n\n\n<figure class=\"wp-block-image size-large\"><img loading=\"lazy\" decoding=\"async\" width=\"1024\" height=\"1024\" src=\"http:\/\/www.tatwortimnetz.de\/Hoerspiel\/wp-content\/uploads\/2019\/11\/f\u00fcr-Website-Dennis-1024x1024.jpg\" alt=\"\" class=\"wp-image-273\" srcset=\"http:\/\/www.tatwortimnetz.de\/Hoerspiel\/wp-content\/uploads\/2019\/11\/f\u00fcr-Website-Dennis-1024x1024.jpg 1024w, http:\/\/www.tatwortimnetz.de\/Hoerspiel\/wp-content\/uploads\/2019\/11\/f\u00fcr-Website-Dennis-300x300.jpg 300w, http:\/\/www.tatwortimnetz.de\/Hoerspiel\/wp-content\/uploads\/2019\/11\/f\u00fcr-Website-Dennis-150x150.jpg 150w, http:\/\/www.tatwortimnetz.de\/Hoerspiel\/wp-content\/uploads\/2019\/11\/f\u00fcr-Website-Dennis-768x768.jpg 768w, http:\/\/www.tatwortimnetz.de\/Hoerspiel\/wp-content\/uploads\/2019\/11\/f\u00fcr-Website-Dennis-1536x1536.jpg 1536w, http:\/\/www.tatwortimnetz.de\/Hoerspiel\/wp-content\/uploads\/2019\/11\/f\u00fcr-Website-Dennis-2048x2048.jpg 2048w, http:\/\/www.tatwortimnetz.de\/Hoerspiel\/wp-content\/uploads\/2019\/11\/f\u00fcr-Website-Dennis-100x100.jpg 100w\" sizes=\"auto, (max-width: 706px) 89vw, (max-width: 767px) 82vw, 740px\" \/><figcaption class=\"wp-element-caption\">F\u00fcr das medienforum m\u00fcnster beim H\u00f6rSpielLab: Dennis Welpelo<\/figcaption><\/figure>\n<\/div>\n\n\n\n<div class=\"wp-block-column is-layout-flow wp-block-column-is-layout-flow\" style=\"flex-basis:66.66%\">\n<h2 class=\"wp-block-heading\">medienforum m\u00fcnster e.V.<\/h2>\n\n\n\n<p>Das <a href=\"https:\/\/www.muenster.org\/medienforum\/\">medienforum m\u00fcnster<\/a> ist seit 1986 als Medienverein in M\u00fcnster aktiv. Ziel ist,<br> ein Bewusstsein f\u00fcr die Chancen und M\u00f6glichkeiten der Medienmitgestaltung zu<br> wecken und durch die Qualifizierung von Multiplikator*innen die technische und<br> redaktionelle Qualit\u00e4t des B\u00fcrgerfunks zu f\u00f6rdern. In den Vereinsr\u00e4umen am Verspoel stehen f\u00fcr den B\u00fcrgerfunk, Arbeitskreise, Schulungen und sonstige Veranstaltungen zwei professionell ausgestattete H\u00f6rfunkstudios mit digitaler Schnitttechnik und ein Konferenzraum zur Verf\u00fcgung. Durch die Kooperation mit lokalen Vereinen, Gruppen sowie Kultur- und Medien-Partnern entstehen neben klassischen H\u00f6rfunk- Ergebnissen auch immer wieder Schulungs- und Kreativangebote. Neben H\u00f6rspiel-Workshops und -Produktionen besch\u00e4ftigt sich der Verein mit zus\u00e4tzlichen Verbreitungswegen wie einem stadtweiten B\u00fcrger*innenradio per Webstream und der Anbindung der lokalen Produktion an die landesweite B\u00fcrgermedienplattform NRWision.<\/p>\n<\/div>\n<\/div>\n<\/div><\/div>\n\n\n\n<div class=\"wp-block-columns is-layout-flex wp-container-core-columns-is-layout-9d6595d7 wp-block-columns-is-layout-flex\">\n<div class=\"wp-block-column is-layout-flow wp-block-column-is-layout-flow\" style=\"flex-basis:66.66%\">\n<h2 class=\"wp-block-heading\">Burg H\u00fclshoff &#8211; Center for Literature<\/h2>\n\n\n\n<p>Burg H\u00fclshoff ist der Geburtsort der bedeutenden deutschsprachigen Dichterin Annette von Droste-H\u00fclshoff (1797\u20131848). Die typisch westf\u00e4lische Wasserburg wurde bereits im 11. Jahrhundert erw\u00e4hnt und beherbergt heute das Droste-Museum. Seit 2012 ist auf Burg H\u00fclshoff das Center for Literature (CfL) angesiedelt, das ausgehend von Drostes Texten und Themen Literatur im Dialog mit anderen K\u00fcnste zu au\u00dfergew\u00f6hnlichen Veranstaltungsformaten verbindet. Neben Residenzen und partizipativen Programmen findet jedes Jahr ein mehrt\u00e4giges Droste Festival statt.<br>Der sp\u00e4tere Wohnsitz der Dichterin \u2013 das Haus R\u00fcschhaus in M\u00fcnster \u2013 liegt nur wenige Kilometer von der Burg entfernt. Annette von Droste-H\u00fclshoff lebte hier etwa zwanzig Jahre lang und verfasste ihre bekannteste Novelle \u00bbDie Judenbuche\u00ab. Die Innenr\u00e4ume k\u00f6nnen im Rahmen eines gef\u00fchrten Rundgangs besucht werden. Die beiden Lebensorte verbindet das Outdoor-Museum \u00bbDroste-Landschaft : Lyrikweg\u00ab, das an 20 Stationen den Wandel von Literatur, Kultur und Natur vom 19. Jahrhundert bis heute vermittelt.<br><br><\/p>\n<\/div>\n\n\n\n<div class=\"wp-block-column is-layout-flow wp-block-column-is-layout-flow\" style=\"flex-basis:33.33%\">\n<figure class=\"wp-block-image size-full\"><img loading=\"lazy\" decoding=\"async\" width=\"454\" height=\"283\" src=\"https:\/\/www.tatwortimnetz.de\/Hoerspiel\/wp-content\/uploads\/2024\/04\/CFL_Logo-lang_kompakt_BH_gross.jpg\" alt=\"\" class=\"wp-image-1373\" srcset=\"http:\/\/www.tatwortimnetz.de\/Hoerspiel\/wp-content\/uploads\/2024\/04\/CFL_Logo-lang_kompakt_BH_gross.jpg 454w, http:\/\/www.tatwortimnetz.de\/Hoerspiel\/wp-content\/uploads\/2024\/04\/CFL_Logo-lang_kompakt_BH_gross-300x187.jpg 300w\" sizes=\"auto, (max-width: 454px) 100vw, 454px\" \/><\/figure>\n\n\n\n<figure class=\"wp-block-image size-large\"><img loading=\"lazy\" decoding=\"async\" width=\"1024\" height=\"488\" src=\"https:\/\/www.tatwortimnetz.de\/Hoerspiel\/wp-content\/uploads\/2024\/04\/CFL_LOGO_AVD-Stiftung-kompakt-1024x488.jpg\" alt=\"\" class=\"wp-image-1375\" srcset=\"http:\/\/www.tatwortimnetz.de\/Hoerspiel\/wp-content\/uploads\/2024\/04\/CFL_LOGO_AVD-Stiftung-kompakt-1024x488.jpg 1024w, http:\/\/www.tatwortimnetz.de\/Hoerspiel\/wp-content\/uploads\/2024\/04\/CFL_LOGO_AVD-Stiftung-kompakt-300x143.jpg 300w, http:\/\/www.tatwortimnetz.de\/Hoerspiel\/wp-content\/uploads\/2024\/04\/CFL_LOGO_AVD-Stiftung-kompakt-768x366.jpg 768w, http:\/\/www.tatwortimnetz.de\/Hoerspiel\/wp-content\/uploads\/2024\/04\/CFL_LOGO_AVD-Stiftung-kompakt-1536x731.jpg 1536w, http:\/\/www.tatwortimnetz.de\/Hoerspiel\/wp-content\/uploads\/2024\/04\/CFL_LOGO_AVD-Stiftung-kompakt-2048x975.jpg 2048w\" sizes=\"auto, (max-width: 706px) 89vw, (max-width: 767px) 82vw, 740px\" \/><\/figure>\n\n\n\n<figure class=\"wp-block-image size-large\"><img loading=\"lazy\" decoding=\"async\" width=\"1024\" height=\"1024\" src=\"https:\/\/www.tatwortimnetz.de\/Hoerspiel\/wp-content\/uploads\/2024\/04\/Joerg_Albrecht_DSC4582HighRes_Foto_Ute-Friederike-Schernau-1024x1024.jpg\" alt=\"\" class=\"wp-image-1383\" srcset=\"http:\/\/www.tatwortimnetz.de\/Hoerspiel\/wp-content\/uploads\/2024\/04\/Joerg_Albrecht_DSC4582HighRes_Foto_Ute-Friederike-Schernau-1024x1024.jpg 1024w, http:\/\/www.tatwortimnetz.de\/Hoerspiel\/wp-content\/uploads\/2024\/04\/Joerg_Albrecht_DSC4582HighRes_Foto_Ute-Friederike-Schernau-300x300.jpg 300w, http:\/\/www.tatwortimnetz.de\/Hoerspiel\/wp-content\/uploads\/2024\/04\/Joerg_Albrecht_DSC4582HighRes_Foto_Ute-Friederike-Schernau-150x150.jpg 150w, http:\/\/www.tatwortimnetz.de\/Hoerspiel\/wp-content\/uploads\/2024\/04\/Joerg_Albrecht_DSC4582HighRes_Foto_Ute-Friederike-Schernau-768x768.jpg 768w, http:\/\/www.tatwortimnetz.de\/Hoerspiel\/wp-content\/uploads\/2024\/04\/Joerg_Albrecht_DSC4582HighRes_Foto_Ute-Friederike-Schernau-1536x1536.jpg 1536w, http:\/\/www.tatwortimnetz.de\/Hoerspiel\/wp-content\/uploads\/2024\/04\/Joerg_Albrecht_DSC4582HighRes_Foto_Ute-Friederike-Schernau-2048x2048.jpg 2048w, http:\/\/www.tatwortimnetz.de\/Hoerspiel\/wp-content\/uploads\/2024\/04\/Joerg_Albrecht_DSC4582HighRes_Foto_Ute-Friederike-Schernau-100x100.jpg 100w\" sizes=\"auto, (max-width: 706px) 89vw, (max-width: 767px) 82vw, 740px\" \/><figcaption class=\"wp-element-caption\">F\u00fcr die Burg H\u00fclshoff &#8211; Center for Literature beim H\u00f6rSpielLab: J\u00f6rg Albrecht (Foto: Ute Friederike Schernau)<\/figcaption><\/figure>\n<\/div>\n<\/div>\n","protected":false},"excerpt":{"rendered":"<p>Filmwerkstatt M\u00fcnster Die Filmwerkstatt M\u00fcnster ist als Anlaufstelle f\u00fcr Film und Medienkunst seit \u00fcber 35 Jahren in der Region verankert. Sie bildet aus, produziert und pr\u00e4sentiert. In einem breit gef\u00e4cherten Seminarangebot k\u00f6nnen sich interessierte Menschen \u00fcber alle Bereiche der audiovisuellen Produktion informieren und aus- und weiterbilden. Neben dem \u201eFilmfestival M\u00fcnster\u201c, dem \u201eZEBRA Poetry Film Festival &hellip; <\/p>\n<p class=\"link-more\"><a href=\"http:\/\/www.tatwortimnetz.de\/Hoerspiel\/hoerspielgang\/\" class=\"more-link\"><span class=\"screen-reader-text\">\u201eH\u00f6rspiel Gang &#8211; Die Organisator*innen\u201c<\/span> weiterlesen<\/a><\/p>\n","protected":false},"author":1,"featured_media":0,"parent":0,"menu_order":0,"comment_status":"closed","ping_status":"closed","template":"","meta":{"footnotes":""},"class_list":["post-111","page","type-page","status-publish","hentry"],"_links":{"self":[{"href":"http:\/\/www.tatwortimnetz.de\/Hoerspiel\/wp-json\/wp\/v2\/pages\/111","targetHints":{"allow":["GET"]}}],"collection":[{"href":"http:\/\/www.tatwortimnetz.de\/Hoerspiel\/wp-json\/wp\/v2\/pages"}],"about":[{"href":"http:\/\/www.tatwortimnetz.de\/Hoerspiel\/wp-json\/wp\/v2\/types\/page"}],"author":[{"embeddable":true,"href":"http:\/\/www.tatwortimnetz.de\/Hoerspiel\/wp-json\/wp\/v2\/users\/1"}],"replies":[{"embeddable":true,"href":"http:\/\/www.tatwortimnetz.de\/Hoerspiel\/wp-json\/wp\/v2\/comments?post=111"}],"version-history":[{"count":37,"href":"http:\/\/www.tatwortimnetz.de\/Hoerspiel\/wp-json\/wp\/v2\/pages\/111\/revisions"}],"predecessor-version":[{"id":1385,"href":"http:\/\/www.tatwortimnetz.de\/Hoerspiel\/wp-json\/wp\/v2\/pages\/111\/revisions\/1385"}],"wp:attachment":[{"href":"http:\/\/www.tatwortimnetz.de\/Hoerspiel\/wp-json\/wp\/v2\/media?parent=111"}],"curies":[{"name":"wp","href":"https:\/\/api.w.org\/{rel}","templated":true}]}}