{"id":1084,"date":"2022-06-19T15:57:49","date_gmt":"2022-06-19T13:57:49","guid":{"rendered":"http:\/\/www.tatwortimnetz.de\/Kunst\/?post_type=tribe_events&#038;p=1084"},"modified":"2022-06-19T15:57:49","modified_gmt":"2022-06-19T13:57:49","slug":"radar-meike-schulze-hobeling","status":"publish","type":"tribe_events","link":"http:\/\/www.tatwortimnetz.de\/Kunst\/event\/radar-meike-schulze-hobeling\/","title":{"rendered":"RADAR: Meike Schulze Hobeling."},"content":{"rendered":"<p class=\"bodytext\">Meike Schulze Hobeling (*1993 in M\u00fcnster, lebt und arbeitet in M\u00fcnster) bespielt den Projektraum durch eine Gruppe verschiedener Objekte. Als Arbeitsmaterial dienen ihr allt\u00e4gliche Gegenst\u00e4nde, die teilweise aus dem Fundus ihrer Gro\u00dfmutter stammen. Durch diverse Verfahren bearbeitet, verformt und entfremdet die K\u00fcnstlerin diese und \u00fcberf\u00fchrt sie somit auf eine neue Bedeutungsebene. Die unterschiedlichen Skulpturen er\u00f6ffnen aufgrund ihrer r\u00e4umlichen Anordnung und ihres materiellen Zusammenspiels assoziative und direkte Bez\u00fcge zum Alltag und unserer Lebenswelt.Kuratorisches Team: Jana Peplau, Kristina Scepanski, Marianne Wagner<\/p>\n<p>RADAR: Zugang \u00fcber den Westf\u00e4lischen Kunstverein, Rothenburg 30, 48143 M\u00fcnster<\/p>\n<p><sup>Eine Kooperation des LWL-Museums f\u00fcr Kunst und Kultur und des Westf\u00e4lischen Kunstvereins.<\/sup><\/p>\n","protected":false},"excerpt":{"rendered":"<p>Meike Schulze Hobeling (*1993 in M\u00fcnster, lebt und arbeitet in M\u00fcnster) bespielt den Projektraum durch eine Gruppe verschiedener Objekte. Als Arbeitsmaterial dienen ihr allt\u00e4gliche Gegenst\u00e4nde, die teilweise aus dem Fundus [&hellip;]<\/p>\n","protected":false},"author":1,"featured_media":1085,"comment_status":"open","ping_status":"closed","template":"","meta":{"_tribe_events_status":"","_tribe_events_status_reason":"","footnotes":""},"tags":[],"tribe_events_cat":[],"class_list":["post-1084","tribe_events","type-tribe_events","status-publish","has-post-thumbnail","hentry"],"_links":{"self":[{"href":"http:\/\/www.tatwortimnetz.de\/Kunst\/wp-json\/wp\/v2\/tribe_events\/1084","targetHints":{"allow":["GET"]}}],"collection":[{"href":"http:\/\/www.tatwortimnetz.de\/Kunst\/wp-json\/wp\/v2\/tribe_events"}],"about":[{"href":"http:\/\/www.tatwortimnetz.de\/Kunst\/wp-json\/wp\/v2\/types\/tribe_events"}],"author":[{"embeddable":true,"href":"http:\/\/www.tatwortimnetz.de\/Kunst\/wp-json\/wp\/v2\/users\/1"}],"replies":[{"embeddable":true,"href":"http:\/\/www.tatwortimnetz.de\/Kunst\/wp-json\/wp\/v2\/comments?post=1084"}],"version-history":[{"count":1,"href":"http:\/\/www.tatwortimnetz.de\/Kunst\/wp-json\/wp\/v2\/tribe_events\/1084\/revisions"}],"predecessor-version":[{"id":1086,"href":"http:\/\/www.tatwortimnetz.de\/Kunst\/wp-json\/wp\/v2\/tribe_events\/1084\/revisions\/1086"}],"wp:featuredmedia":[{"embeddable":true,"href":"http:\/\/www.tatwortimnetz.de\/Kunst\/wp-json\/wp\/v2\/media\/1085"}],"wp:attachment":[{"href":"http:\/\/www.tatwortimnetz.de\/Kunst\/wp-json\/wp\/v2\/media?parent=1084"}],"wp:term":[{"taxonomy":"post_tag","embeddable":true,"href":"http:\/\/www.tatwortimnetz.de\/Kunst\/wp-json\/wp\/v2\/tags?post=1084"},{"taxonomy":"tribe_events_cat","embeddable":true,"href":"http:\/\/www.tatwortimnetz.de\/Kunst\/wp-json\/wp\/v2\/tribe_events_cat?post=1084"}],"curies":[{"name":"wp","href":"https:\/\/api.w.org\/{rel}","templated":true}]}}