{"id":3206,"date":"2023-09-02T15:01:43","date_gmt":"2023-09-02T13:01:43","guid":{"rendered":"https:\/\/www.tatwortimnetz.de\/Kunst\/?post_type=tribe_events&#038;p=3206"},"modified":"2023-09-02T15:07:45","modified_gmt":"2023-09-02T13:07:45","slug":"the-cherry-on-the-cake-gemeinschaftsausstellung","status":"publish","type":"tribe_events","link":"http:\/\/www.tatwortimnetz.de\/Kunst\/event\/the-cherry-on-the-cake-gemeinschaftsausstellung\/","title":{"rendered":"The cherry on the cake. Gemeinschaftsausstellung."},"content":{"rendered":"<p>Dem &#8222;T\u00fcpfelchen auf dem i&#8220; oder auch der\u00a0\u201ccherry on the cake\u201c\u00a0widmen sich die <strong>SO66 K\u00fcnstlerinnen<\/strong>. Sie zeigen mit ihren Mitteln der Kunst, dass sowohl Realit\u00e4t als auch Fiktion immer noch zu toppen sind. Und dass oft die kleinen Dinge entscheidend sind f\u00fcr die Vollst\u00e4ndigkeit, auch in der k\u00fcnstlerischen Praxis.<\/p>\n<p>\u201eHappy Cherries\u201c\u00a0ist die Fotografie von\u00a0<strong>Crista Book<\/strong>\u00a0betitelt, entstanden in Zusammenarbeit mit Ruth Stuckenberg. Das Foto zeigt im Hintergrund \u201egl\u00fccklich machende Kirschen\u201c, angelehnt an eine Werbung, die genau das verspricht. Im Bild-Vordergrund dominiert das Gesicht einer Frau. \u201eSie scheint in einer sch\u00f6nen Erinnerung zu verharren. Und doch spiegelt sich in ihrem Gesicht auch eine pl\u00f6tzliche Erkenntnis, die Schatten von l\u00e4ngst Vergessenem reichen in ihre Gegenwart.\u201c<\/p>\n<p>Bei\u00a0<strong>Anne Fellenberg<\/strong>\u00a0\u201eist die Kirsche ein Apfel\u201c, sie zeigt das Video\u00a0\u201eBig Apple\u201c.\u00a0Eine gro\u00dfe minimalistische runde Form h\u00e4ngt in einer alten, hohen Eiche. \u201eAuf der imposanten roten Fl\u00e4che des \u201eBig Apple\u201c zeigen die sie umgebenden belaubten \u00c4ste je nach Sonnenstand ein sich st\u00e4ndig \u00e4nderndes Schauspiel von Licht-Schatten-Strukturen.\u201c<\/p>\n<p><strong>Annette Hinricher<\/strong>\u00a0zeigt dreidimensionale Objekte, es sind die Resultate aus ihrem\u00a0\u201eExperiment Schwerkraft\u201c.\u00a0Darin erforscht sie das \u201eGewicht der Dinge\u201c und die plastische Verformung durch Schwerkraft. \u201eDiese elementare Untersuchung erfolgt unter Einsatz der Komponenten Zement, Damenstr\u00fcmpfe, Holz und Steinen.\u201c<\/p>\n<p>\u201eK\u00e4unus\u201c\u00a0ist die\u00a0zweiteilige Arbeit von\u00a0<strong>Waltraud Kleinsteinberg<\/strong>\u00a0betitelt. In gro\u00dfformatigen Pastell-Zeichnungen auf\u00a0\u00a0Papier l\u00e4sst sie die gesamte Farbpalette vom sanften Rosaton bis zum tiefen Karminrot in ausdrucksstarker Farbigkeit aufleuchten. Eine sich vom Farb-Grund abhebende lineare Zeichnung dient der grafischen Optimierung\u00a0und tr\u00e4gt ein \u201eKirschrot\u201c.<\/p>\n<p>Als eine Einladung, sich dem Banalen zuzuwenden, versteht\u00a0<strong>Gabriele Maria Koch\u00a0<\/strong>ihren k\u00fcnstlerischen Beitrag\u00a0\u201eSich an hohen Gr\u00e4sern freuen\u201c.\u00a0\u201eDem kommerziellen Trend, durch unerwartete Zugaben alles \u201atoppen\u2018 zu wollen, setze ich die Betrachtung gew\u00f6hnlicher Gr\u00e4ser aus meiner Umgebung entgegen. Die filigranen Gr\u00e4ser-Strukturen bilde ich mit Frottage-Technik auf hochformatigen Bahnen von Chinapapier ab. Den in der Regel \u201aNichtbeachteten\u2018 gebe ich eine zur\u00fcckhaltende und wunderbar \u00e4sthetische Pr\u00e4senz.\u201c<\/p>\n<p><strong>Lena Skaya<\/strong>\u00a0stellt mit\u00a0\u201eDer Akt\u201c\u00a0eine Werkserie in Encaustic-Technik aus. \u201eBurlesque Performances, Figuratives und abstrakte Verfremdung, Zufall und gezielte Absicht \u2013 alles trifft aufeinander und wirkt miteinander in den Bl\u00e4ttern dieser Reihe.\u201c<\/p>\n<p><strong>Liane Sommer<\/strong>\u00a0hat den Titel der Ausstellung w\u00f6rtlich genommen und serviert mit\u00a0\u201eF\u00dcR ERNA\u201c\u00a0eine opulente Torte mit etwas extra S\u00fc\u00dfem obendrauf \u2013 nat\u00fcrlich in bildlicher Form.<\/p>\n<p>Eine weltweit verwendete Ausdrucksform der Anerkennung ist: \u201eApplaus, Applaus\u201c. Ihre so betitelte Serie von Acryl-Malereien liest sich, so\u00a0<strong>Veronika Teigeler<\/strong>\u00a0\u201eals die Story einer Auff\u00fchrung in f\u00fcnf Akten, der ganz sicher am Ende die sch\u00f6nste Anerkennung folgt \u2013 der gro\u00dfe Applaus, essentiell als &#8218;des K\u00fcnstlers Brot&#8216;! F\u00fcr die gro\u00dfen und kleinen Mitwirkenden sozusagen &#8218;the cherry on the cake&#8216;.&#8220;<\/p>\n<p><strong>Sara McNamara<\/strong> sagt zu ihrer in dieser Ausstellung pr\u00e4sentierten Reihe von Bildern: \u201eWenn es eine Farbe g\u00e4be, die das Weibliche repr\u00e4sentiert, dann w\u00e4re es Rot. Ob es nun das Blut ist, das wir vergie\u00dfen, die Kleidung, die wir tragen, oder unser Herz, das darunter schl\u00e4gt.\u201c<\/p>\n<p>Auch\u00a0<strong>Ulrike Vetter<\/strong>\u00a0ist mit Arbeiten in der Ausstellung vertreten.<\/p>\n<p>Ausstellungsdauer: 20.08. \u2013 07.10.2023<\/p>\n<p>\u00d6ffnungszeiten : SA + SO\u00a0\u00a015.00 &#8211; 18.00 Uhr und nach Vereinbarung Tel. 0175 605 26 17<\/p>\n<p>www.so-66.de<\/p>\n<p>&nbsp;<\/p>\n","protected":false},"excerpt":{"rendered":"<p>Dem &#8222;T\u00fcpfelchen auf dem i&#8220; oder auch der\u00a0\u201ccherry on the cake\u201c\u00a0widmen sich die SO66 K\u00fcnstlerinnen. Sie zeigen mit ihren Mitteln der Kunst, dass sowohl Realit\u00e4t als auch Fiktion immer noch [&hellip;]<\/p>\n","protected":false},"author":1,"featured_media":3207,"comment_status":"open","ping_status":"closed","template":"","meta":{"_tribe_events_status":"","_tribe_events_status_reason":"","footnotes":""},"tags":[],"tribe_events_cat":[],"class_list":["post-3206","tribe_events","type-tribe_events","status-publish","has-post-thumbnail","hentry"],"_links":{"self":[{"href":"http:\/\/www.tatwortimnetz.de\/Kunst\/wp-json\/wp\/v2\/tribe_events\/3206","targetHints":{"allow":["GET"]}}],"collection":[{"href":"http:\/\/www.tatwortimnetz.de\/Kunst\/wp-json\/wp\/v2\/tribe_events"}],"about":[{"href":"http:\/\/www.tatwortimnetz.de\/Kunst\/wp-json\/wp\/v2\/types\/tribe_events"}],"author":[{"embeddable":true,"href":"http:\/\/www.tatwortimnetz.de\/Kunst\/wp-json\/wp\/v2\/users\/1"}],"replies":[{"embeddable":true,"href":"http:\/\/www.tatwortimnetz.de\/Kunst\/wp-json\/wp\/v2\/comments?post=3206"}],"version-history":[{"count":1,"href":"http:\/\/www.tatwortimnetz.de\/Kunst\/wp-json\/wp\/v2\/tribe_events\/3206\/revisions"}],"predecessor-version":[{"id":3208,"href":"http:\/\/www.tatwortimnetz.de\/Kunst\/wp-json\/wp\/v2\/tribe_events\/3206\/revisions\/3208"}],"wp:featuredmedia":[{"embeddable":true,"href":"http:\/\/www.tatwortimnetz.de\/Kunst\/wp-json\/wp\/v2\/media\/3207"}],"wp:attachment":[{"href":"http:\/\/www.tatwortimnetz.de\/Kunst\/wp-json\/wp\/v2\/media?parent=3206"}],"wp:term":[{"taxonomy":"post_tag","embeddable":true,"href":"http:\/\/www.tatwortimnetz.de\/Kunst\/wp-json\/wp\/v2\/tags?post=3206"},{"taxonomy":"tribe_events_cat","embeddable":true,"href":"http:\/\/www.tatwortimnetz.de\/Kunst\/wp-json\/wp\/v2\/tribe_events_cat?post=3206"}],"curies":[{"name":"wp","href":"https:\/\/api.w.org\/{rel}","templated":true}]}}